{"id":34,"date":"2016-10-11T16:12:54","date_gmt":"2016-10-11T14:12:54","guid":{"rendered":"http:\/\/perinatologia.umed.pl\/?page_id=34"},"modified":"2026-02-06T10:29:41","modified_gmt":"2026-02-06T09:29:41","slug":"rys-historyczny-kliniki","status":"publish","type":"page","link":"https:\/\/perinatologia.umed.pl\/index.php\/rys-historyczny-kliniki\/","title":{"rendered":"Rys historyczny Kliniki"},"content":{"rendered":"<p>&nbsp;<\/p>\n<div id=\"attachment_239\" style=\"width: 221px\" class=\"wp-caption alignleft\"><img loading=\"lazy\" decoding=\"async\" aria-describedby=\"caption-attachment-239\" class=\"wp-image-239 size-medium\" src=\"http:\/\/perinatologia.umed.pl\/wp-content\/uploads\/2016\/10\/prof-krolikowska-211x300.jpg\" alt=\"prof-krolikowska\" width=\"211\" height=\"300\" srcset=\"https:\/\/perinatologia.umed.pl\/wp-content\/uploads\/2016\/10\/prof-krolikowska-211x300.jpg 211w, https:\/\/perinatologia.umed.pl\/wp-content\/uploads\/2016\/10\/prof-krolikowska-600x851.jpg 600w, https:\/\/perinatologia.umed.pl\/wp-content\/uploads\/2016\/10\/prof-krolikowska-560x794.jpg 560w, https:\/\/perinatologia.umed.pl\/wp-content\/uploads\/2016\/10\/prof-krolikowska.jpg 707w\" sizes=\"auto, (max-width: 211px) 100vw, 211px\" \/><p id=\"caption-attachment-239\" class=\"wp-caption-text\">prof. Maria Kr\u00f3likowska<\/p><\/div>\n<p><strong>Klinika Perinatologii<\/strong> powsta\u0142a w 1972 roku wraz z powo\u0142aniem Instytutu Ginekologii i Po\u0142o\u017cnictwa Akademii Medycznej w \u0141odzi a jej pierwszym kierownikiem by\u0142a <strong>prof. Maria Kr\u00f3likowska.<\/strong><\/p>\n<p>Klinika mie\u015bci\u0142a si\u0119 w dw\u00f3ch gmachach \u2013 przy ul. M. Sk\u0142odowskiej-Curie oraz przy ul. Sterlinga 13. W roku 1980 Instytut Ginekologii i Po\u0142o\u017cnictwa wraz z Klinik\u0105 Perinatologii przeniesiono do jej obecnej siedziby, czyli pawilonu szpitala im M. Madurowicza przy ul. Wile\u0144skiej 37.<\/p>\n<p>prof. Tadeusz Lauda\u0144ski<\/p>\n<p>Funkcj\u0119 kierownika od roku 1982 sprawowa\u0142 <strong>prof. Tadeusz Lauda\u0144ski<\/strong>,<\/p>\n<p>Cech\u0105 wyr\u00f3\u017cniaj\u0105c\u0105 Klinik\u0119 by\u0142o, tak modne obecnie has\u0142o &#8222;Rodzi\u0107 po ludzku&#8221;, przy czym doznania matki lub rodzic\u00f3w, oraz rodz\u0105cego si\u0119 dziecka \u0142\u0105czono z trosk\u0105 o bezpiecze\u0144stwo.\u00a0 G\u0142\u00f3wne dziedziny zainteresowania Kliniki obejmowa\u0142y por\u00f3d naturalny, kt\u00f3ry traktowano jako wydarzenie rodzinne. Unikano nadmiernej medykalizacji i technicyzacji porodu, zwracano uwag\u0119 na odczucia rodz\u0105cej a tak\u017ce komfort rodz\u0105cego si\u0119 dziecka.\u00a0 Jednocze\u015bnie nie zaniedbywano kwestii bezpiecze\u0144stwa porodu, zwi\u0105zanego z ryzykiem niedotlenienia ( uraz biochemiczny) dlatego monitorowanie stanu p\u0142odu, by\u0142o absolutnym priorytetem.<\/p>\n<p>We wsp\u00f3\u0142pracy z Szko\u0142\u0105 Rodzenia prof. W\u0142odzimierza Fija\u0142kowskiego zorganizowano pierwsz\u0105 w Polsce sal\u0119 do porodu naturalnego, tutaj odby\u0142 si\u0119 pierwszy w Polsce por\u00f3d rodzinny w 1983 roku.<\/p>\n<p><img loading=\"lazy\" decoding=\"async\" class=\"alignnone wp-image-394 size-medium\" src=\"http:\/\/perinatologia.umed.pl\/wp-content\/uploads\/2016\/10\/prof_tadeusz-211x300.jpg\" alt=\"prof. Tadeusz Lauda\u0144ski\" width=\"211\" height=\"300\" \/><\/p>\n<p>Kamienie milowe<\/p>\n<p>Kamienie milowe w dzia\u0142alno\u015bci diagnostyczno \u2013 leczniczej Kliniki to:<\/p>\n<ul>\n<li>Uruchomienie stanowisk intensywnej opieki noworodk\u00f3w i sal typu rooming in ( 1987)<\/li>\n<li>Wprowadzenie systemu monitorowania i komputerowej oceny stanu p\u0142odu ( 1993)<\/li>\n<li>Pierwsze w Polsce narodziny dziecka w wodzie (1996)<\/li>\n<li>Wdro\u017cenie do praktyki obiektywnej pourodzeniowej oceny stanu p\u0142odu w oparciu o biochemiczne badania krwi p\u0119powinowej (1996)<\/li>\n<li>Procedury post\u0119powania dotycz\u0105cych terapii krwotoku oko\u0142oporodowego. Farmakoterapia &#8211; karbetocyna, prostaglandyny, szew kompresyjny sposobem B-Lyncha (2008), co w kolejnych latach znacznie ograniczy\u0142o konieczno\u015b\u0107 wykonania histerektomii oko\u0142oporodowej.<\/li>\n<\/ul>\n<p><img loading=\"lazy\" decoding=\"async\" class=\"alignnone size-medium wp-image-798\" src=\"https:\/\/perinatologia.umed.pl\/wp-content\/uploads\/2026\/02\/IMG_2171-\u2014-kopia-213x300.png\" alt=\"\" width=\"213\" height=\"300\" srcset=\"https:\/\/perinatologia.umed.pl\/wp-content\/uploads\/2026\/02\/IMG_2171-\u2014-kopia-213x300.png 213w, https:\/\/perinatologia.umed.pl\/wp-content\/uploads\/2026\/02\/IMG_2171-\u2014-kopia-727x1024.png 727w, https:\/\/perinatologia.umed.pl\/wp-content\/uploads\/2026\/02\/IMG_2171-\u2014-kopia-768x1081.png 768w, https:\/\/perinatologia.umed.pl\/wp-content\/uploads\/2026\/02\/IMG_2171-\u2014-kopia-600x845.png 600w, https:\/\/perinatologia.umed.pl\/wp-content\/uploads\/2026\/02\/IMG_2171-\u2014-kopia-560x788.png 560w, https:\/\/perinatologia.umed.pl\/wp-content\/uploads\/2026\/02\/IMG_2171-\u2014-kopia.png 1054w\" sizes=\"auto, (max-width: 213px) 100vw, 213px\" \/><\/p>\n<p>prof. Jaros\u0142aw Kalinka<\/p>\n<p>Od 2009 roku do chwili obecnej funkcj\u0119 Kierownika Kliniki pe\u0142ni <strong>prof. Jaros\u0142aw Kalinka<\/strong>.<\/p>\n<p>Klinika pod obecnym kierownictwem prof. Jaros\u0142awa Kalinki kontynuuj\u0105c tradycyjne\u00a0 dla niej dziedziny zwi\u0105zane z porodem fizjologicznym i rodzinnym, \u00a0niezwyk\u0142\u0105 wag\u0119 przywi\u0105zuje do zagadnie\u0144 bezpiecze\u0144stwa w obr\u0119bie Bloku Porodowego &#8211; rozwini\u0119to\u00a0 system telemetrycznej komputerowej kardiotokografii p\u0142odowej, wprowadzono do Bloku Porodowego ultrasonografi\u0119 z dopplerowsk\u0105 ocen\u0105 przep\u0142yw\u00f3w naczyniowych.<\/p>\n<p>Wa\u017cne miejsce w obr\u0119bie zainteresowa\u0144 Kliniki zajmuje\u00a0 patologia ci\u0105\u017cy i porodu, w tym ci\u0105\u017ca po przeszczepach narz\u0105d\u00f3w, zagro\u017cona porodem przedwczesnym, hipotrofia p\u0142odu, post\u0119powanie w krwotokach porodowych\u00a0 z uwzgl\u0119dnieniem nowych mo\u017cliwo\u015bci farmakoterapii ( Karbetocyna) oraz metod operacyjnych ( szwy kompresyjne).<\/p>\n<p>Od 1 lipca 2024 roku Klinika dzia\u0142a w ramach Centralnego Szpitala Klinicznego Uniwersytetu Medycznego w \u0141odzi &#8211; na 16 pi\u0119trze CKD przy ul. Pomorskiej 251 w \u0141odzi.<\/p>\n","protected":false},"excerpt":{"rendered":"<p>&nbsp; Klinika Perinatologii powsta\u0142a w 1972 roku wraz z powo\u0142aniem Instytutu Ginekologii i Po\u0142o\u017cnictwa Akademii Medycznej w \u0141odzi a jej [&hellip;]<\/p>\n","protected":false},"author":2,"featured_media":0,"parent":0,"menu_order":0,"comment_status":"closed","ping_status":"closed","template":"","meta":{"footnotes":""},"class_list":["post-34","page","type-page","status-publish","hentry"],"_links":{"self":[{"href":"https:\/\/perinatologia.umed.pl\/index.php\/wp-json\/wp\/v2\/pages\/34","targetHints":{"allow":["GET"]}}],"collection":[{"href":"https:\/\/perinatologia.umed.pl\/index.php\/wp-json\/wp\/v2\/pages"}],"about":[{"href":"https:\/\/perinatologia.umed.pl\/index.php\/wp-json\/wp\/v2\/types\/page"}],"author":[{"embeddable":true,"href":"https:\/\/perinatologia.umed.pl\/index.php\/wp-json\/wp\/v2\/users\/2"}],"replies":[{"embeddable":true,"href":"https:\/\/perinatologia.umed.pl\/index.php\/wp-json\/wp\/v2\/comments?post=34"}],"version-history":[{"count":45,"href":"https:\/\/perinatologia.umed.pl\/index.php\/wp-json\/wp\/v2\/pages\/34\/revisions"}],"predecessor-version":[{"id":799,"href":"https:\/\/perinatologia.umed.pl\/index.php\/wp-json\/wp\/v2\/pages\/34\/revisions\/799"}],"wp:attachment":[{"href":"https:\/\/perinatologia.umed.pl\/index.php\/wp-json\/wp\/v2\/media?parent=34"}],"curies":[{"name":"wp","href":"https:\/\/api.w.org\/{rel}","templated":true}]}}